{"id":1846,"date":"2024-05-09T12:00:17","date_gmt":"2024-05-09T10:00:17","guid":{"rendered":"https:\/\/www.container-fix.de\/emplois\/"},"modified":"2026-04-14T09:57:46","modified_gmt":"2026-04-14T07:57:46","slug":"emplois","status":"publish","type":"page","link":"https:\/\/www.container-fix.de\/fr\/emplois\/","title":{"rendered":"Emplois"},"content":{"rendered":"<p>[et_pb_section fb_built=\u00a0\u00bb1&Prime; fullwidth=\u00a0\u00bbon\u00a0\u00bb module_class=\u00a0\u00bbfix-content-slider\u00a0\u00bb _builder_version=\u00a0\u00bb4.20.4&Prime; _module_preset=\u00a0\u00bbdefault\u00a0\u00bb min_height_last_edited=\u00a0\u00bboff|tablet\u00a0\u00bb global_colors_info=\u00a0\u00bb{}\u00a0\u00bb][et_pb_fullwidth_slider _builder_version=\u00a0\u00bb4.20.4&Prime; _module_preset=\u00a0\u00bbdefault\u00a0\u00bb min_height_last_edited=\u00a0\u00bboff|phone\u00a0\u00bb global_colors_info=\u00a0\u00bb{}\u00a0\u00bb][et_pb_slide _builder_version=\u00a0\u00bb4.20.4&Prime; _module_preset=\u00a0\u00bbdefault\u00a0\u00bb background_enable_color=\u00a0\u00bboff\u00a0\u00bb background_image=\u00a0\u00bbhttps:\/\/www.container-fix.de\/wp-content\/uploads\/ueber-uns-v1.jpg\u00a0\u00bb background_enable_image=\u00a0\u00bbon\u00a0\u00bb global_colors_info=\u00a0\u00bb{}\u00a0\u00bb sticky_transition=\u00a0\u00bbon\u00a0\u00bb][\/et_pb_slide][\/et_pb_fullwidth_slider][\/et_pb_section][et_pb_section fb_built=\u00a0\u00bb1&Prime; custom_padding_last_edited=\u00a0\u00bbon|phone\u00a0\u00bb _builder_version=\u00a0\u00bb4.25.0&Prime; custom_padding=\u00a0\u00bb60px||60px||false|false\u00a0\u00bb custom_padding_tablet=\u00a0\u00bb45px||45px||false|false\u00a0\u00bb custom_padding_phone=\u00a0\u00bb30px||30px||false|false\u00a0\u00bb global_colors_info=\u00a0\u00bb{}\u00a0\u00bb][et_pb_row custom_padding_last_edited=\u00a0\u00bboff|desktop\u00a0\u00bb _builder_version=\u00a0\u00bb4.25.0&Prime; background_size=\u00a0\u00bbinitial\u00a0\u00bb background_position=\u00a0\u00bbtop_left\u00a0\u00bb background_repeat=\u00a0\u00bbrepeat\u00a0\u00bb custom_padding=\u00a0\u00bb0px||30px||false|false\u00a0\u00bb custom_padding_tablet=\u00a0\u00bb||30px||false|false\u00a0\u00bb custom_padding_phone=\u00a0\u00bb0px||30px||false|false\u00a0\u00bb global_colors_info=\u00a0\u00bb{}\u00a0\u00bb][et_pb_column type=\u00a0\u00bb4_4&Prime; _builder_version=\u00a0\u00bb4.16&Prime; custom_padding=\u00a0\u00bb|||\u00a0\u00bb global_colors_info=\u00a0\u00bb{}\u00a0\u00bb custom_padding__hover=\u00a0\u00bb|||\u00a0\u00bb][et_pb_text _builder_version=\u00a0\u00bb4.26.0&Prime; background_size=\u00a0\u00bbinitial\u00a0\u00bb background_position=\u00a0\u00bbtop_left\u00a0\u00bb background_repeat=\u00a0\u00bbrepeat\u00a0\u00bb custom_margin=\u00a0\u00bb||0px||false|false\u00a0\u00bb global_colors_info=\u00a0\u00bb{}\u00a0\u00bb]<\/p>\n<h1>Emplois<\/h1>\n<p>[\/et_pb_text][et_pb_text _builder_version=\u00a0\u00bb4.27.4&Prime; background_size=\u00a0\u00bbinitial\u00a0\u00bb background_position=\u00a0\u00bbtop_left\u00a0\u00bb background_repeat=\u00a0\u00bbrepeat\u00a0\u00bb global_colors_info=\u00a0\u00bb{}\u00a0\u00bb]<\/p>\n<h2>Offres d&#8217;emploi actuelles<\/h2>\n<p>Nous pr\u00e9f\u00e9rons les candidatures en ligne &#8211; c&rsquo;est tr\u00e8s simple et c&rsquo;est le moyen le plus rapide de r\u00e9ussir.<br \/>Vous pouvez nous envoyer vos annexes, comme votre CV et votre lettre de motivation, confortablement par e-mail.<\/p>\n<p><strong>Nous attendons avec impatience votre candidature.<\/strong><\/p>\n<p>[\/et_pb_text][\/et_pb_column][\/et_pb_row][et_pb_row use_custom_gutter=\u00a0\u00bbon\u00a0\u00bb gutter_width=\u00a0\u00bb2&Prime; make_equal=\u00a0\u00bbon\u00a0\u00bb custom_padding_last_edited=\u00a0\u00bboff|phone\u00a0\u00bb _builder_version=\u00a0\u00bb4.25.0&Prime; _module_preset=\u00a0\u00bbdefault\u00a0\u00bb custom_padding=\u00a0\u00bb0px||0px||false|false\u00a0\u00bb custom_padding_tablet=\u00a0\u00bb||0px||false|false\u00a0\u00bb custom_padding_phone=\u00a0\u00bb0px||0px||false|false\u00a0\u00bb global_colors_info=\u00a0\u00bb{}\u00a0\u00bb][et_pb_column type=\u00a0\u00bb4_4&Prime; _builder_version=\u00a0\u00bb4.25.0&Prime; _module_preset=\u00a0\u00bbdefault\u00a0\u00bb background_enable_color=\u00a0\u00bboff\u00a0\u00bb global_colors_info=\u00a0\u00bb{}\u00a0\u00bb][et_pb_text disabled_on=\u00a0\u00bbon|on|on\u00a0\u00bb admin_label=\u00a0\u00bbKeine offenen Stellen\u00a0\u00bb _builder_version=\u00a0\u00bb4.27.4&Prime; background_size=\u00a0\u00bbinitial\u00a0\u00bb background_position=\u00a0\u00bbtop_left\u00a0\u00bb background_repeat=\u00a0\u00bbrepeat\u00a0\u00bb custom_padding=\u00a0\u00bb10px||||false|false\u00a0\u00bb border_width_top=\u00a0\u00bb1px\u00a0\u00bb border_color_top=\u00a0\u00bb#eaeaea\u00a0\u00bb disabled=\u00a0\u00bbon\u00a0\u00bb global_colors_info=\u00a0\u00bb{}\u00a0\u00bb]<\/p>\n<p><strong>Il n&rsquo;y a actuellement aucun poste vacant.<\/strong><\/p>\n<p>[\/et_pb_text][et_pb_toggle title=\u00a0\u00bbAgent de planification (m\/f\/x)\u00a0\u00bb disabled_on=\u00a0\u00bbon|on|on\u00a0\u00bb admin_label=\u00a0\u00bbJobangebot &#8211; Disponent &#8211; Neuried-Dundenheim\u00a0\u00bb module_class=\u00a0\u00bbfix-work-location fix-work-location-neuried-dundenheim\u00a0\u00bb _builder_version=\u00a0\u00bb4.27.4&Prime; _module_preset=\u00a0\u00bbdefault\u00a0\u00bb title_level=\u00a0\u00bbh3&Prime; locked=\u00a0\u00bboff\u00a0\u00bb global_colors_info=\u00a0\u00bb{}\u00a0\u00bb disabled=\u00a0\u00bbon\u00a0\u00bb]<\/p>\n<p><span class=\"fix-work-location\">Neuried-Dundenheim<\/span><br \/><span class=\"fix-work-time\">Temps plein<\/span><\/p>\n<p>Pour nous, l\u2019avenir est au centre de nos pr\u00e9occupations, y compris celui de nos collaborateurs. Pour renforcer notre \u00e9quipe \u00e0 Neuried-Dundenheim, nous vous proposons un emploi attractif avec des perspectives \u00e0 long terme et une tr\u00e8s bonne ambiance de travail.<\/p>\n<h4>Ce qui rend le poste sp\u00e9cial<\/h4>\n<ul>\n<li>Secteur de la gestion de la flotte et des conteneurs<\/li>\n<li>La participation \u00e0 une \u00e9quipe bien rod\u00e9e<\/li>\n<li>Des bureaux lumineux et modernes avec des postes de travail ergonomiques<\/li>\n<li>Possibilit\u00e9s de formation et de d\u00e9veloppement<\/li>\n<\/ul>\n<h4>Ce qui vous attend<\/h4>\n<ul>\n<li>Attribution et coordination des ordres de transport<\/li>\n<li>Cr\u00e9ation des documents de transport n\u00e9cessaires<\/li>\n<li>Contact r\u00e9gulier avec les clients, les fournisseurs et les prestataires de services<\/li>\n<li>Respect de l&rsquo;entretien des v\u00e9hicules (T\u00dcV HU, communication avec l&rsquo;atelier)<\/li>\n<\/ul>\n<h4>Ce que vous apportez<\/h4>\n<ul>\n<li>Une formation commerciale achev\u00e9e, dans le domaine de l&rsquo;exp\u00e9dition est un avantage<\/li>\n<li>Exp\u00e9rience professionnelle  <\/li>\n<li>Bonne connaissance de l&rsquo;informatique<\/li>\n<li>Grande disponibilit\u00e9, sens de la n\u00e9gociation et esprit d&rsquo;\u00e9quipe<\/li>\n<li>Une m\u00e9thode de travail autonome, consciencieuse et responsable<\/li>\n<\/ul>\n<h4>Postuler maintenant<\/h4>\n<p>Nous avons \u00e9veill\u00e9 votre int\u00e9r\u00eat ? Nous attendons avec impatience votre candidature \u00e0 l&rsquo;adresse suivante <br \/><a href=\"tel:+497807956470\">+49 (0) 7807 95647 &#8211; 0<\/a><br \/><a href=\"mailto:info@container-fix.de\">info@container-fix.de<\/a><\/p>\n<p>[\/et_pb_toggle][et_pb_toggle title=\u00a0\u00bbChauffeur de camion (m\/f\/x)\u00a0\u00bb disabled_on=\u00a0\u00bboff|off|off\u00a0\u00bb admin_label=\u00a0\u00bbJobangebot &#8211; LKW-Fahrer &#8211; Neuried-Dundenheim\u00a0\u00bb module_class=\u00a0\u00bbfix-work-location fix-work-location-neuried-dundenheim\u00a0\u00bb _builder_version=\u00a0\u00bb4.27.6&Prime; _module_preset=\u00a0\u00bbdefault\u00a0\u00bb title_level=\u00a0\u00bbh3&Prime; global_colors_info=\u00a0\u00bb{}\u00a0\u00bb]<\/p>\n<p><span class=\"fix-work-location\">Neuried-Dundenheim<\/span><br \/><span class=\"fix-work-time\">Temps plein<\/span><\/p>\n<p>Pour nous, l\u2019avenir est au centre de nos pr\u00e9occupations, y compris celui de nos collaborateurs. Pour renforcer notre \u00e9quipe \u00e0 Neuried-Dundenheim, nous vous proposons un emploi attractif avec des perspectives \u00e0 long terme et une tr\u00e8s bonne ambiance de travail.<\/p>\n<h4>Ce qui rend le poste sp\u00e9cial<\/h4>\n<ul>\n<li>Zone de bennes d\u00e9posables, bennes d\u00e9roulantes et semi-remorques<\/li>\n<li>D\u00e9placements principalement en transport urbain<\/li>\n<li>Un travail vari\u00e9 et polyvalent<\/li>\n<li>La participation \u00e0 une \u00e9quipe bien rod\u00e9e<\/li>\n<li>Un environnement de travail agr\u00e9able avec des horaires de travail r\u00e9guliers<\/li>\n<\/ul>\n<h4>Ce qui vous attend<\/h4>\n<ul>\n<li>Collecte \/ remplacement des conteneurs de d\u00e9chets<\/li>\n<li>Transport des mat\u00e9riaux recyclables jusqu&rsquo;\u00e0 leur destination finale<\/li>\n<li>Entretien et maintenance des v\u00e9hicules<\/li>\n<\/ul>\n<h4>Ce que vous apportez<\/h4>\n<ul>\n<li>Permis de conduire pour les camions, y compris les remorques (C, CE) <\/li>\n<li>Grande responsabilit\u00e9 personnelle<\/li>\n<li>Premi\u00e8re exp\u00e9rience professionnelle en tant que chauffeur<\/li>\n<li>Preuve selon \u00a7 5 BKrFQG \u00ab\u00a0nombre-cl\u00e9 95<\/li>\n<\/ul>\n<h4>Postuler maintenant<\/h4>\n<p>Nous avons \u00e9veill\u00e9 votre int\u00e9r\u00eat ? Nous attendons avec impatience votre candidature \u00e0 l&rsquo;adresse suivante <br \/><a href=\"tel:+497807956470\">+49 (0) 7807 95647 &#8211; 0<\/a><br \/><a href=\"mailto:info@container-fix.de\">info@container-fix.de<\/a><\/p>\n<p>[\/et_pb_toggle][et_pb_toggle title=\u00a0\u00bbConducteur de pelleteuse (m\/f\/x)\u00a0\u00bb disabled_on=\u00a0\u00bbon|on|on\u00a0\u00bb admin_label=\u00a0\u00bbJobangebot &#8211; Baggerfahrer &#8211; Neuried-Dundenheim\u00a0\u00bb module_class=\u00a0\u00bbfix-work-location fix-work-location-neuried-dundenheim\u00a0\u00bb _builder_version=\u00a0\u00bb4.27.4&Prime; _module_preset=\u00a0\u00bbdefault\u00a0\u00bb title_level=\u00a0\u00bbh3&Prime; disabled=\u00a0\u00bbon\u00a0\u00bb global_colors_info=\u00a0\u00bb{}\u00a0\u00bb]<\/p>\n<p><span class=\"fix-work-location\">Neuried-Dundenheim<\/span><br \/><span class=\"fix-work-time\">Temps plein<\/span><\/p>\n<p>Pour nous, l\u2019avenir est au centre de nos pr\u00e9occupations, y compris celui de nos collaborateurs. Pour renforcer notre \u00e9quipe \u00e0 Neuried-Dundenheim, nous vous proposons un emploi attractif avec des perspectives \u00e0 long terme et une tr\u00e8s bonne ambiance de travail.<\/p>\n<h4>Ce qui rend le poste sp\u00e9cial<\/h4>\n<ul>\n<li>Un emploi s\u00fbr et la participation \u00e0 un secteur d&rsquo;avenir<\/li>\n<li>Outils de travail de haute qualit\u00e9<\/li>\n<li>Un climat de travail ouvert et une culture du tutoiement<\/li>\n<li>Un travail vari\u00e9<\/li>\n<li>De nombreux autres avantages d&rsquo;une entreprise familiale stable<\/li>\n<\/ul>\n<h4>Ce qui vous attend<\/h4>\n<ul>\n<li>L&rsquo;alimentation des installations \u00e0 l&rsquo;aide d&rsquo;une pelle<\/li>\n<li>Le tri du mat\u00e9riel<\/li>\n<li>Le tri des ferrailles et des m\u00e9taux<\/li>\n<\/ul>\n<h4>Ce que vous apportez<\/h4>\n<ul>\n<li>Aimer travailler en plein air<\/li>\n<li>Id\u00e9alement, vous avez de l&rsquo;exp\u00e9rience dans la conduite d&rsquo;engins de travail modernes, mais nous souhaitons \u00e9galement donner une chance aux personnes qui changent d&rsquo;orientation.<\/li>\n<li>Fiabilit\u00e9 et r\u00e9sistance au stress<\/li>\n<\/ul>\n<h4>Postuler maintenant<\/h4>\n<p>Nous avons \u00e9veill\u00e9 votre int\u00e9r\u00eat ? Nous attendons avec impatience votre candidature \u00e0 l&rsquo;adresse suivante <br \/><a href=\"tel:+497807956470\">+49 (0) 7807 95647 &#8211; 0<\/a><br \/><a href=\"mailto:info@container-fix.de\">info@container-fix.de<\/a><\/p>\n<p>[\/et_pb_toggle][et_pb_toggle title=\u00a0\u00bbConducteur de pelleteuse (m\/f\/x)\u00a0\u00bb disabled_on=\u00a0\u00bbon|on|on\u00a0\u00bb admin_label=\u00a0\u00bbJobangebot &#8211; Baggerfahrer &#8211; Kehl\u00a0\u00bb module_class=\u00a0\u00bbfix-work-location fix-work-location-kehl\u00a0\u00bb _builder_version=\u00a0\u00bb4.27.4&Prime; _module_preset=\u00a0\u00bbdefault\u00a0\u00bb title_level=\u00a0\u00bbh3&Prime; disabled=\u00a0\u00bbon\u00a0\u00bb global_colors_info=\u00a0\u00bb{}\u00a0\u00bb]<\/p>\n<p><span class=\"fix-work-location\">Kehl<\/span><br \/><span class=\"fix-work-time\">Temps plein<\/span><\/p>\n<p>Pour nous, l\u2019avenir est au centre de nos pr\u00e9occupations, y compris celui de nos collaborateurs. Pour renforcer notre \u00e9quipe \u00e0 Kehl, nous vous offrons une opportunit\u00e9 unique et une perspective \u00e0 long terme.<\/p>\n<h4>Ce qui rend le poste sp\u00e9cial<\/h4>\n<ul>\n<li>Un emploi s\u00fbr et la participation \u00e0 un secteur d&rsquo;avenir<\/li>\n<li>Outils de travail de haute qualit\u00e9<\/li>\n<li>Un climat de travail ouvert et une culture du tutoiement<\/li>\n<li>Un travail vari\u00e9<\/li>\n<li>De nombreux autres avantages d&rsquo;une entreprise familiale stable<\/li>\n<\/ul>\n<h4>Ce qui vous attend<\/h4>\n<ul>\n<li>L&rsquo;alimentation des installations \u00e0 l&rsquo;aide d&rsquo;une pelle<\/li>\n<li>Le tri du mat\u00e9riel<\/li>\n<li>Le tri des ferrailles et des m\u00e9taux<\/li>\n<\/ul>\n<h4>Ce que vous apportez<\/h4>\n<ul>\n<li>Aimer travailler en plein air<\/li>\n<li>Id\u00e9alement, vous avez de l&rsquo;exp\u00e9rience dans la conduite d&rsquo;engins de travail modernes, mais nous souhaitons \u00e9galement donner une chance aux personnes qui changent d&rsquo;orientation.<\/li>\n<li>Fiabilit\u00e9 et r\u00e9sistance au stress<\/li>\n<\/ul>\n<h4>Postuler maintenant<\/h4>\n<p>Nous avons \u00e9veill\u00e9 votre int\u00e9r\u00eat ? Nous attendons avec impatience votre candidature \u00e0 l&rsquo;adresse suivante <br \/><a href=\"mailto:s.andres@container-fix.de\">s.andres@container-fix.de<\/a><\/p>\n<p>[\/et_pb_toggle][et_pb_toggle title=\u00a0\u00bbEmploy\u00e9(e) de commerce en gestion de bureau (m\/f\/x)\u00a0\u00bb disabled_on=\u00a0\u00bbon|on|on\u00a0\u00bb admin_label=\u00a0\u00bbJobangebot &#8211; Kaufmann\/Kauffrau f\u00fcr B\u00fcromanagement &#8211; Neuried-Dundenheim\u00a0\u00bb module_class=\u00a0\u00bbfix-work-location fix-work-location-neuried-dundenheim\u00a0\u00bb _builder_version=\u00a0\u00bb4.27.4&Prime; _module_preset=\u00a0\u00bbdefault\u00a0\u00bb title_level=\u00a0\u00bbh3&Prime; disabled=\u00a0\u00bbon\u00a0\u00bb locked=\u00a0\u00bboff\u00a0\u00bb global_colors_info=\u00a0\u00bb{}\u00a0\u00bb]<\/p>\n<p><span class=\"fix-work-location\">Neuried-Dundenheim<\/span><br \/><span class=\"fix-work-time\">Temps plein<\/span><\/p>\n<p>Pour nous, l\u2019avenir est au centre de nos pr\u00e9occupations, y compris celui de nos collaborateurs. Pour renforcer notre \u00e9quipe \u00e0 Neuried-Dundenheim, nous vous proposons un emploi attractif avec des perspectives \u00e0 long terme et une tr\u00e8s bonne ambiance de travail.<\/p>\n<h4>Ce qui rend le poste sp\u00e9cial<\/h4>\n<ul>\n<li>Des bureaux lumineux et modernes avec des postes de travail ergonomiques<\/li>\n<li>La participation \u00e0 une \u00e9quipe bien rod\u00e9e<\/li>\n<li>Bonne ambiance de travail<\/li>\n<\/ul>\n<h4>Ce qui vous attend<\/h4>\n<ul>\n<li>Activit\u00e9s de pes\u00e9e<\/li>\n<li>Cr\u00e9ation de factures et d&rsquo;avoirs<\/li>\n<li>Gestion de Datev<\/li>\n<\/ul>\n<h4>Ce que vous apportez<\/h4>\n<ul>\n<li>Exp\u00e9rience professionnelle<\/li>\n<li>Une formation d&#8217;employ\u00e9(e) de bureau achev\u00e9e est un avantage.<\/li>\n<li>Bonne connaissance de l&rsquo;informatique<\/li>\n<li>Utilisation s\u00fbre de Datev<\/li>\n<li>Capacit\u00e9 \u00e0 travailler en \u00e9quipe<\/li>\n<li>Une m\u00e9thode de travail autonome, consciencieuse et responsable<\/li>\n<\/ul>\n<h4>Postuler maintenant<\/h4>\n<p>Nous avons \u00e9veill\u00e9 votre int\u00e9r\u00eat ? Nous attendons avec impatience votre candidature \u00e0 l&rsquo;adresse suivante <br \/><a href=\"tel:+497807956470\">+49 (0) 7807 95647 &#8211; 0<\/a><br \/><a href=\"mailto:info@container-fix.de\">info@container-fix.de<\/a><\/p>\n<p>[\/et_pb_toggle][et_pb_toggle title=\u00a0\u00bbEmploy\u00e9(e) de commerce en gestion de bureau (m\/f\/x)\u00a0\u00bb disabled_on=\u00a0\u00bbon|on|on\u00a0\u00bb admin_label=\u00a0\u00bbJobangebot &#8211; Kaufmann\/Kauffrau f\u00fcr B\u00fcromanagement &#8211; Kehl\u00a0\u00bb module_class=\u00a0\u00bbfix-work-location fix-work-location-kehl\u00a0\u00bb _builder_version=\u00a0\u00bb4.27.4&Prime; _module_preset=\u00a0\u00bbdefault\u00a0\u00bb title_level=\u00a0\u00bbh3&Prime; disabled=\u00a0\u00bbon\u00a0\u00bb locked=\u00a0\u00bboff\u00a0\u00bb global_colors_info=\u00a0\u00bb{}\u00a0\u00bb]<\/p>\n<p><span class=\"fix-work-location\">Kehl<\/span><br \/><span class=\"fix-work-time\">Temps plein<\/span><\/p>\n<p>Pour nous, l\u2019avenir est au centre de nos pr\u00e9occupations, y compris celui de nos collaborateurs. Pour renforcer notre \u00e9quipe \u00e0 Kehl, nous vous proposons un emploi attractif avec des perspectives \u00e0 long terme et une tr\u00e8s bonne ambiance de travail.<\/p>\n<h4>Ce qui rend le poste sp\u00e9cial<\/h4>\n<ul>\n<li>Des bureaux lumineux et modernes avec des postes de travail ergonomiques<\/li>\n<li>La participation \u00e0 une \u00e9quipe bien rod\u00e9e<\/li>\n<li>Bonne ambiance de travail<\/li>\n<\/ul>\n<h4>Ce qui vous attend<\/h4>\n<ul>\n<li>Peser les clients<\/li>\n<li>Facturation des clients<\/li>\n<li>Cr\u00e9ation de factures et d&rsquo;avoirs<\/li>\n<\/ul>\n<h4>Ce que vous apportez<\/h4>\n<ul>\n<li>Exp\u00e9rience professionnelle<\/li>\n<li>Une formation d&#8217;employ\u00e9(e) de bureau achev\u00e9e est un avantage.<\/li>\n<li>Bonne connaissance de l&rsquo;informatique<\/li>\n<li>Capacit\u00e9 \u00e0 travailler en \u00e9quipe<\/li>\n<li>Une m\u00e9thode de travail autonome, consciencieuse et responsable<\/li>\n<\/ul>\n<h4>Postuler maintenant<\/h4>\n<p>Nous avons \u00e9veill\u00e9 votre int\u00e9r\u00eat ? Nous attendons avec impatience votre candidature \u00e0 l&rsquo;adresse suivante <br \/><a href=\"mailto:s.andres@container-fix.de\">s.andres@container-fix.de<\/a><\/p>\n<p>[\/et_pb_toggle][\/et_pb_column][\/et_pb_row][\/et_pb_section]<\/p>\n","protected":false},"excerpt":{"rendered":"<p>EmploisOffres d&#8217;emploi actuelles Nous pr\u00e9f\u00e9rons les candidatures en ligne &#8211; c&rsquo;est tr\u00e8s simple et c&rsquo;est le moyen le plus rapide de r\u00e9ussir.Vous pouvez nous envoyer vos annexes, comme votre CV et votre lettre de motivation, confortablement par e-mail. Nous attendons avec impatience votre candidature.Il n&rsquo;y a actuellement aucun poste vacant.Neuried-DundenheimTemps plein Pour nous, l\u2019avenir est [&hellip;]<\/p>\n","protected":false},"author":3,"featured_media":0,"parent":0,"menu_order":0,"comment_status":"closed","ping_status":"closed","template":"","meta":{"_et_pb_use_builder":"on","_et_pb_old_content":"","_et_gb_content_width":"","footnotes":""},"class_list":["post-1846","page","type-page","status-publish","hentry"],"_links":{"self":[{"href":"https:\/\/www.container-fix.de\/fr\/wp-json\/wp\/v2\/pages\/1846","targetHints":{"allow":["GET"]}}],"collection":[{"href":"https:\/\/www.container-fix.de\/fr\/wp-json\/wp\/v2\/pages"}],"about":[{"href":"https:\/\/www.container-fix.de\/fr\/wp-json\/wp\/v2\/types\/page"}],"author":[{"embeddable":true,"href":"https:\/\/www.container-fix.de\/fr\/wp-json\/wp\/v2\/users\/3"}],"replies":[{"embeddable":true,"href":"https:\/\/www.container-fix.de\/fr\/wp-json\/wp\/v2\/comments?post=1846"}],"version-history":[{"count":10,"href":"https:\/\/www.container-fix.de\/fr\/wp-json\/wp\/v2\/pages\/1846\/revisions"}],"predecessor-version":[{"id":2364,"href":"https:\/\/www.container-fix.de\/fr\/wp-json\/wp\/v2\/pages\/1846\/revisions\/2364"}],"wp:attachment":[{"href":"https:\/\/www.container-fix.de\/fr\/wp-json\/wp\/v2\/media?parent=1846"}],"curies":[{"name":"wp","href":"https:\/\/api.w.org\/{rel}","templated":true}]}}