{"id":1386,"date":"2023-04-20T10:36:12","date_gmt":"2023-04-20T08:36:12","guid":{"rendered":"https:\/\/www.container-fix.de\/mentions-legales\/"},"modified":"2025-12-13T23:16:45","modified_gmt":"2025-12-13T22:16:45","slug":"mentions-legales","status":"publish","type":"page","link":"https:\/\/www.container-fix.de\/fr\/mentions-legales\/","title":{"rendered":"Mentions l\u00e9gales"},"content":{"rendered":"<p>[et_pb_section fb_built=\u00a0\u00bb1&Prime; _builder_version=\u00a0\u00bb4.16&Prime; global_colors_info=\u00a0\u00bb{}\u00a0\u00bb][et_pb_row _builder_version=\u00a0\u00bb4.23.1&Prime; background_size=\u00a0\u00bbinitial\u00a0\u00bb background_position=\u00a0\u00bbtop_left\u00a0\u00bb background_repeat=\u00a0\u00bbrepeat\u00a0\u00bb custom_padding=\u00a0\u00bb0px||0px||false|false\u00a0\u00bb global_colors_info=\u00a0\u00bb{}\u00a0\u00bb][et_pb_column type=\u00a0\u00bb4_4&Prime; _builder_version=\u00a0\u00bb4.16&Prime; custom_padding=\u00a0\u00bb|||\u00a0\u00bb global_colors_info=\u00a0\u00bb{}\u00a0\u00bb custom_padding__hover=\u00a0\u00bb|||\u00a0\u00bb][et_pb_text _builder_version=\u00a0\u00bb4.27.4&Prime; background_size=\u00a0\u00bbinitial\u00a0\u00bb background_position=\u00a0\u00bbtop_left\u00a0\u00bb background_repeat=\u00a0\u00bbrepeat\u00a0\u00bb hover_enabled=\u00a0\u00bb0&Prime; global_colors_info=\u00a0\u00bb{}\u00a0\u00bb sticky_enabled=\u00a0\u00bb0&Prime;]<\/p>\n<h1>Mentions l\u00e9gales<\/h1>\n<p>FIX Container Service GmbH<br \/>Altenheimer Weg 6<br \/>77743 Neuried-Dundenheim<\/p>\n<p>T\u00e9l\u00e9phone : 07807 3430 \/ 0781 57857 \/ <br \/>T\u00e9l\u00e9copie : 07807 955012<br \/>E-mail : info@container-fix.de<\/p>\n<h2>Repr\u00e9sent\u00e9 par<\/h2>\n<p>Directeur g\u00e9n\u00e9ral : J\u00f6rg Sch\u00e4fer<br \/>Directeur g\u00e9n\u00e9ral : Steffen Andres<\/p>\n<h2>Inscription au registre<\/h2>\n<p>Inscrite au registre du commerce.<br \/>Tribunal d&rsquo;enregistrement : Tribunal d&rsquo;instance de Fribourg-en-Brisgau<br \/>Num\u00e9ro d&rsquo;enregistrement : HRB 472447<\/p>\n<h2>Num\u00e9ro d&rsquo;identification de la taxe sur le chiffre d&rsquo;affaires<\/h2>\n<p>Num\u00e9ro d&rsquo;identification de la taxe sur le chiffre d&rsquo;affaires conform\u00e9ment au \u00a727a de la loi sur la taxe sur le chiffre d&rsquo;affaires :<br \/>DE245675947<\/p>\n<h2>R\u00e8glement des litiges<\/h2>\n<p>La Commission europ\u00e9enne met \u00e0 disposition une plate-forme de r\u00e8glement en ligne des litiges (RLL) <a href=\"https:\/\/ec.europa.eu\/consumers\/odr\" target=\"_blank\" rel=\"noopener\">: https:\/\/ec.europa.eu\/consumers\/odr.<\/a><br \/>Vous trouverez notre adresse \u00e9lectronique en haut de la page des mentions l\u00e9gales.<\/p>\n<p>Nous ne sommes pas pr\u00eats ou oblig\u00e9s de participer \u00e0 des proc\u00e9dures de r\u00e8glement des litiges devant un organisme de conciliation des consommateurs.<\/p>\n<p>[\/et_pb_text][\/et_pb_column][\/et_pb_row][\/et_pb_section]<\/p>\n","protected":false},"excerpt":{"rendered":"<p>Mentions l\u00e9gales FIX Container Service GmbHAltenheimer Weg 677743 Neuried-Dundenheim T\u00e9l\u00e9phone : 07807 3430 \/ 0781 57857 \/ T\u00e9l\u00e9copie : 07807 955012E-mail : info@container-fix.de Repr\u00e9sent\u00e9 par Directeur g\u00e9n\u00e9ral : J\u00f6rg Sch\u00e4ferDirecteur g\u00e9n\u00e9ral : Steffen Andres Inscription au registre Inscrite au registre du commerce.Tribunal d&rsquo;enregistrement : Tribunal d&rsquo;instance de Fribourg-en-BrisgauNum\u00e9ro d&rsquo;enregistrement : HRB 472447 Num\u00e9ro d&rsquo;identification de [&hellip;]<\/p>\n","protected":false},"author":3,"featured_media":0,"parent":0,"menu_order":0,"comment_status":"closed","ping_status":"open","template":"","meta":{"_et_pb_use_builder":"on","_et_pb_old_content":"","_et_gb_content_width":"","footnotes":""},"class_list":["post-1386","page","type-page","status-publish","hentry"],"_links":{"self":[{"href":"https:\/\/www.container-fix.de\/fr\/wp-json\/wp\/v2\/pages\/1386","targetHints":{"allow":["GET"]}}],"collection":[{"href":"https:\/\/www.container-fix.de\/fr\/wp-json\/wp\/v2\/pages"}],"about":[{"href":"https:\/\/www.container-fix.de\/fr\/wp-json\/wp\/v2\/types\/page"}],"author":[{"embeddable":true,"href":"https:\/\/www.container-fix.de\/fr\/wp-json\/wp\/v2\/users\/3"}],"replies":[{"embeddable":true,"href":"https:\/\/www.container-fix.de\/fr\/wp-json\/wp\/v2\/comments?post=1386"}],"version-history":[{"count":10,"href":"https:\/\/www.container-fix.de\/fr\/wp-json\/wp\/v2\/pages\/1386\/revisions"}],"predecessor-version":[{"id":2200,"href":"https:\/\/www.container-fix.de\/fr\/wp-json\/wp\/v2\/pages\/1386\/revisions\/2200"}],"wp:attachment":[{"href":"https:\/\/www.container-fix.de\/fr\/wp-json\/wp\/v2\/media?parent=1386"}],"curies":[{"name":"wp","href":"https:\/\/api.w.org\/{rel}","templated":true}]}}